{"id":21446,"date":"2021-12-13T09:00:34","date_gmt":"2021-12-02T14:03:35","guid":{"rendered":"https:\/\/k-time.it\/?post_type=product&#038;p=21446"},"modified":"2021-12-13T09:12:10","modified_gmt":"2021-12-13T08:12:10","slug":"the-plex-kit","status":"publish","type":"product","link":"https:\/\/k-time.it\/pt-pt\/products\/salon-technics\/the-plex-pt-pt\/the-plex-kit\/","title":{"rendered":"THE PLEX | KIT"},"content":{"rendered":"<div class=\"wpb-content-wrapper\"><p>[vc_row disable_element=&#8221;yes&#8221;][vc_column]<div class=\"ult_exp_section_layer ult-adjust-bottom-margin  \" >\n\t\t<div id=\"uvc-exp-wrap-7117\" role=\"button\" tabindex=\"0\" aria-pressed=\"false\"  data-ultimate-target='#uvc-exp-wrap-7117'  data-responsive-json-new='{\"font-size\":\"desktop:16px;\",\"line-height\":\"desktop:20px;\"}'  class=\"ult_exp_section  ult-responsive \" style=\"color:#ffffff;background-color:#877650; font-weight:normal; padding-top:4px;padding-right:7px;padding-bottom:4px;padding-left:4px;text-align:center;\" data-textcolor=\"#ffffff\"data-texthover=\"#ffffff\"data-icncolor=\"#ffffff\"data-ihover=\"#ffffff\"data-height=\"0\"data-cntbg=\"#877650\"data-cnthvrbg=\"#877650\"data-headerbg=\"#877650\"data-headerhover=\"#877650\"data-title=\"Come acquistare\"data-newtitle=\"Richiedi info sull&#039;acquisto\"data-icon=\"icomoon-the7-font-icon-cart-detailed\"data-newicon=\"icomoon-the7-font-the7-mail-011\"data-activeicon=\"#ffffff\"data-effect=\"slideToggle\"data-override=\"0\"data-activetitle=\"#ffffff\"data-activebg=\"#877650\"data-img=\"\"data-newimg=\"\"><div class=\"ult_exp_section-main ult_expleft_icon\">\t<div class=\"ult-just-icon-wrapper ult_exp_icon\">\n\t\t\t\t\t<div class=\"align-icon \">\n\t\t\t\t\t\t\n<span class=\"aio-icon  none  ult_expsection_icon \"  style=\"color:#ffffff;font-size:20px;\">\n\t<i class=\"icomoon-the7-font-icon-cart-detailed ult_ex_icon\"  ><\/i>\n<\/span>\n\t\t\t\t\t<\/div>\n\t\t\t\t<\/div>\n\t\t\t\t<div class=\"ult_expheader\" >Come acquistare\n\t\t\t\t<\/div>\n\t\t\t<\/div>\n\t\t<\/div><div class=\"ult_exp_content \" style=\"background-color:#ffffff;  \"><div class=\"ult_ecpsub_cont\" style=\" \" >\n<div class=\"wpcf7 no-js\" id=\"wpcf7-f6407-o1\" lang=\"pt-PT\" dir=\"ltr\" data-wpcf7-id=\"6407\">\n<div class=\"screen-reader-response\"><p role=\"status\" aria-live=\"polite\" aria-atomic=\"true\"><\/p> <ul><\/ul><\/div>\n<form action=\"\/pt-pt\/wp-json\/wp\/v2\/product\/21446#wpcf7-f6407-o1\" method=\"post\" class=\"wpcf7-form init\" aria-label=\"Formul\u00e1rio de contacto\" novalidate=\"novalidate\" data-status=\"init\">\n<fieldset class=\"hidden-fields-container\"><input type=\"hidden\" name=\"_wpcf7\" value=\"6407\" \/><input type=\"hidden\" name=\"_wpcf7_version\" value=\"6.1.4\" \/><input type=\"hidden\" name=\"_wpcf7_locale\" value=\"pt_PT\" \/><input type=\"hidden\" name=\"_wpcf7_unit_tag\" value=\"wpcf7-f6407-o1\" \/><input type=\"hidden\" name=\"_wpcf7_container_post\" value=\"0\" \/><input type=\"hidden\" name=\"_wpcf7_posted_data_hash\" value=\"\" \/><input type=\"hidden\" name=\"_wpcf7_recaptcha_response\" value=\"\" \/>\n<\/fieldset>\n<p>Nome\/Sobrenome*\n<\/p>\n<p><span class=\"wpcf7-form-control-wrap\" data-name=\"your-name\"><input size=\"40\" maxlength=\"400\" class=\"wpcf7-form-control wpcf7-text wpcf7-validates-as-required\" aria-required=\"true\" aria-invalid=\"false\" value=\"\" type=\"text\" name=\"your-name\" \/><\/span>\n<\/p>\n<p>Email*\n<\/p>\n<p><span class=\"wpcf7-form-control-wrap\" data-name=\"your-email\"><input size=\"40\" maxlength=\"400\" class=\"wpcf7-form-control wpcf7-email wpcf7-validates-as-required wpcf7-text wpcf7-validates-as-email\" aria-required=\"true\" aria-invalid=\"false\" value=\"\" type=\"email\" name=\"your-email\" \/><\/span>\n<\/p>\n<p>Estatuto*\n<\/p>\n<p><span class=\"wpcf7-form-control-wrap\" data-name=\"status\"><span class=\"wpcf7-form-control wpcf7-checkbox wpcf7-validates-as-required wpcf7-exclusive-checkbox\"><span class=\"wpcf7-list-item first\"><span class=\"wpcf7-list-item-label\">Profissional<\/span><input type=\"checkbox\" name=\"status\" value=\"Profissional\" \/><\/span><span class=\"wpcf7-list-item\"><span class=\"wpcf7-list-item-label\">Distribuidor<\/span><input type=\"checkbox\" name=\"status\" value=\"Distribuidor\" \/><\/span><span class=\"wpcf7-list-item last\"><span class=\"wpcf7-list-item-label\">Outro<\/span><input type=\"checkbox\" name=\"status\" value=\"Outro\" \/><\/span><\/span><\/span>\n<\/p>\n<p>Pa\u00eds*\n<\/p>\n<p><span class=\"wpcf7-form-control-wrap\" data-name=\"country\"><input size=\"40\" maxlength=\"400\" class=\"wpcf7-form-control wpcf7-text wpcf7-validates-as-required\" aria-required=\"true\" aria-invalid=\"false\" value=\"\" type=\"text\" name=\"country\" \/><\/span>\n<\/p>\n<p>Mensagem*\n<\/p>\n<p><span class=\"wpcf7-form-control-wrap\" data-name=\"your-message\"><textarea cols=\"40\" rows=\"10\" maxlength=\"2000\" class=\"wpcf7-form-control wpcf7-textarea wpcf7-validates-as-required\" aria-required=\"true\" aria-invalid=\"false\" name=\"your-message\"><\/textarea><\/span>\n<\/p>\n<p><span class=\"wpcf7-form-control-wrap\" data-name=\"acceptance-20\"><span class=\"wpcf7-form-control wpcf7-acceptance\"><span class=\"wpcf7-list-item\"><input type=\"checkbox\" name=\"acceptance-20\" value=\"1\" aria-invalid=\"false\" \/><\/span><\/span><\/span> I express my informed, specific and unconditional consent for the company Comprof Milano Srl to proceed with the processing of my personal data to process the requests for information transmitted, as better described in the <a href=\"https:\/\/k-time.it\/pt-pt\/privacy-policy\/\" target=\"_blank\" rel=\"noopener\">Privacy Policy<\/a>*\n<\/p>\n<p><small>Este site \u00e9 protegido pela <a href=\"https:\/\/policies.google.com\/privacy\">Pol\u00edtica de Privacidade<\/a> e <a href=\"https:\/\/policies.google.com\/terms\">Termos de Servi\u00e7o<\/a> do reCAPTCHA do Google.<\/small>\n<\/p>\n<p><input class=\"wpcf7-form-control wpcf7-submit has-spinner\" type=\"submit\" value=\"Enviar\" \/>\n<\/p><div class=\"wpcf7-response-output\" aria-hidden=\"true\"><\/div>\n<\/form>\n<\/div>\n<\/div><\/div>\n\n\t\t\t<\/div>[\/vc_column][\/vc_row][vc_row][vc_column width=&#8221;1\/2&#8243;]<div class=\"standard-arrow list-divider bullet-top\"><h2>F\u00f3rmula<\/h2>\n<ul>\n<li><span style=\"font-weight: 400;\"><strong>3DHP Complex*: <\/strong><\/span><span style=\"font-weight: 400;\">ativo revitalizador de base proteica que atua na compacidade das cut\u00edculas, resist\u00eancia \u00e0 rotura e elasticidade do cabelo.\u00a0<\/span><\/li>\n<\/ul>\n<\/div>[\/vc_column][vc_column width=&#8221;1\/2&#8243;]<div class=\"standard-arrow list-divider bullet-top\"><h2>Benef\u00edcios<\/h2>\n<ul>\n<li style=\"font-weight: 400;\" aria-level=\"1\"><span style=\"font-weight: 400;\">Protege os cabelos durante os processos de colora\u00e7\u00e3o, descolora\u00e7\u00e3o ou permanente<\/span><\/li>\n<li style=\"font-weight: 400;\" aria-level=\"1\"><span style=\"font-weight: 400;\">Revitaliza a fibra capilar<\/span><\/li>\n<li style=\"font-weight: 400;\" aria-level=\"1\"><span style=\"font-weight: 400;\">Devolve elasticidade e luminosidade ao cabelo<\/span><\/li>\n<li style=\"font-weight: 400;\" aria-level=\"1\"><span style=\"font-weight: 400;\">Garante uma penetra\u00e7\u00e3o perfeita da cor<\/span><\/li>\n<\/ul>\n<\/div>[\/vc_column][\/vc_row][vc_row][vc_column][vc_empty_space height=&#8221;15px&#8221;]<div class=\"dt-fancy-separator h2-size style-thick\" style=\"width: 100%;\"><div class=\"dt-fancy-title\" style=\"color: #000000;\"><span class=\"separator-holder separator-left\"><\/span>Esquema de utiliza\u00e7\u00e3o THE PLEX N\u00b01<span class=\"separator-holder separator-right\"><\/span><\/div><\/div>[vc_empty_space height=&#8221;15px&#8221;][vc_tta_tabs style=&#8221;modern&#8221; shape=&#8221;square&#8221; color=&#8221;white&#8221; spacing=&#8221;5&#8243; gap=&#8221;5&#8243; alignment=&#8221;center&#8221; active_section=&#8221;1&#8243;][vc_tta_section title=&#8221;Colora\u00e7\u00e3o por Oxida\u00e7\u00e3o&#8221; tab_id=&#8221;1638446255065-57b777c3-1bd2&#8243;][vc_row_inner][vc_column_inner][vc_column_text]<\/p>\n<p style=\"text-align: center;\"><strong>Posologia:<\/strong><\/p>\n<p style=\"text-align: center;\"><span style=\"font-weight: 400;\">3g por cada 50g de cor<\/span><\/p>\n<p>[\/vc_column_text][\/vc_column_inner][\/vc_row_inner][\/vc_tta_section][vc_tta_section title=&#8221;Colora\u00e7\u00e3o Direta\/M\u00e1scara&#8221; tab_id=&#8221;1638446412859-7ffa8bb6-02f3&#8243;][vc_row_inner][vc_column_inner][vc_column_text]<\/p>\n<p style=\"text-align: center;\"><strong>Posologia:<\/strong><\/p>\n<p style=\"text-align: center;\"><span style=\"font-weight: 400;\">3g por cada 50g de cor<\/span><\/p>\n<p>[\/vc_column_text][\/vc_column_inner][\/vc_row_inner][\/vc_tta_section][vc_tta_section title=&#8221;Descolora\u00e7\u00e3o&#8221; tab_id=&#8221;1638446255082-0d730dd9-275e&#8221;][vc_row_inner][vc_column_inner][vc_column_text]<\/p>\n<p style=\"text-align: center;\"><strong>Posologia:<\/strong><\/p>\n<p style=\"text-align: center;\"><span style=\"font-weight: 400;\">5g por cada 50g de cor<\/span><\/p>\n<p>[\/vc_column_text][\/vc_column_inner][\/vc_row_inner][\/vc_tta_section][vc_tta_section title=&#8221;Permanente&#8221; tab_id=&#8221;1638450524196-ebe12433-ed54&#8243;][vc_row_inner][vc_column_inner][vc_column_text]<\/p>\n<p style=\"text-align: center;\"><strong>Posologia:<\/strong><\/p>\n<p style=\"text-align: center;\"><span style=\"font-weight: 400;\">10\/40g por cada 50g em fun\u00e7\u00e3o do comprimento e\u00a0<\/span><span style=\"font-weight: 400;\">da espessura dos cabelos\u00a0<\/span><\/p>\n<p>[\/vc_column_text][\/vc_column_inner][\/vc_row_inner][\/vc_tta_section][\/vc_tta_tabs][\/vc_column][\/vc_row][vc_row][vc_column][vc_empty_space height=&#8221;15px&#8221;]<div class=\"dt-fancy-separator h2-size style-thick\" style=\"width: 100%;\"><div class=\"dt-fancy-title\" style=\"color: #000000;\"><span class=\"separator-holder separator-left\"><\/span>Esquema de utiliza\u00e7\u00e3o THE PLEX N\u00b02<span class=\"separator-holder separator-right\"><\/span><\/div><\/div>[vc_empty_space height=&#8221;15px&#8221;][vc_tta_tabs style=&#8221;modern&#8221; shape=&#8221;square&#8221; color=&#8221;white&#8221; spacing=&#8221;5&#8243; gap=&#8221;5&#8243; alignment=&#8221;center&#8221; active_section=&#8221;1&#8243;][vc_tta_section title=&#8221;Colora\u00e7\u00e3o por Oxida\u00e7\u00e3o&#8221; tab_id=&#8221;1638446255065-57b777c3-1bd2&#8243;][vc_row_inner][vc_column_inner width=&#8221;1\/2&#8243;][vc_column_text]<\/p>\n<p style=\"text-align: center;\"><strong>Cabelos ligeiramente danificados:<\/strong><\/p>\n<p style=\"text-align: center;\"><span style=\"font-weight: 400;\">5 minutos<\/span><\/p>\n<p>[\/vc_column_text][\/vc_column_inner][vc_column_inner width=&#8221;1\/2&#8243;][vc_column_text]<\/p>\n<p style=\"text-align: center;\"><strong>Cabelos muito danificados:<\/strong><\/p>\n<p style=\"text-align: center;\">10 minutos<\/p>\n<p>[\/vc_column_text][\/vc_column_inner][\/vc_row_inner][\/vc_tta_section][vc_tta_section title=&#8221;Colora\u00e7\u00e3o Direta\/M\u00e1scara&#8221; tab_id=&#8221;1638446412859-7ffa8bb6-02f3&#8243;][vc_row_inner][vc_column_inner width=&#8221;1\/2&#8243;][vc_column_text]<\/p>\n<p style=\"text-align: center;\"><strong>Cabelos ligeiramente danificados:<\/strong><\/p>\n<p style=\"text-align: center;\"><span style=\"font-weight: 400;\">5 minutos<\/span><\/p>\n<p>[\/vc_column_text][\/vc_column_inner][vc_column_inner width=&#8221;1\/2&#8243;][vc_column_text]<\/p>\n<p style=\"text-align: center;\"><strong>Cabelos muito danificados:<\/strong><\/p>\n<p style=\"text-align: center;\">10 minutos<\/p>\n<p>[\/vc_column_text][\/vc_column_inner][\/vc_row_inner][\/vc_tta_section][vc_tta_section title=&#8221;Descolora\u00e7\u00e3o&#8221; tab_id=&#8221;1638446255082-0d730dd9-275e&#8221;][vc_row_inner][vc_column_inner width=&#8221;1\/2&#8243;][vc_column_text]<\/p>\n<p style=\"text-align: center;\"><strong>Cabelos ligeiramente danificados:<\/strong><\/p>\n<p style=\"text-align: center;\"><span style=\"font-weight: 400;\">10 minutos<\/span><\/p>\n<p>[\/vc_column_text][\/vc_column_inner][vc_column_inner width=&#8221;1\/2&#8243;][vc_column_text]<\/p>\n<p style=\"text-align: center;\"><strong>Cabelos muito danificados:<\/strong><\/p>\n<p style=\"text-align: center;\">15 minutos<\/p>\n<p>[\/vc_column_text][\/vc_column_inner][\/vc_row_inner][\/vc_tta_section][vc_tta_section title=&#8221;Permanente&#8221; tab_id=&#8221;1638450524196-ebe12433-ed54&#8243;][vc_row_inner][vc_column_inner width=&#8221;1\/2&#8243;][vc_column_text]<\/p>\n<p style=\"text-align: center;\"><strong>Cabelos ligeiramente danificados:<\/strong><\/p>\n<p style=\"text-align: center;\"><span style=\"font-weight: 400;\">10 minutos<\/span><\/p>\n<p>[\/vc_column_text][\/vc_column_inner][vc_column_inner width=&#8221;1\/2&#8243;][vc_column_text]<\/p>\n<p style=\"text-align: center;\"><strong>Cabelos muito danificados:<\/strong><\/p>\n<p style=\"text-align: center;\">15 minutos<\/p>\n<p>[\/vc_column_text][\/vc_column_inner][\/vc_row_inner][\/vc_tta_section][\/vc_tta_tabs][\/vc_column][\/vc_row][vc_row css=&#8221;.vc_custom_1595317695114{padding-top: 50px !important;}&#8221;][vc_column]<div class=\"dt-fancy-separator h2-size style-thick\" style=\"width: 100%;\"><div class=\"dt-fancy-title\" style=\"color: #333333;\"><span class=\"separator-holder separator-left\" style=\"border-color: #f0f0f0;\"><\/span>Produtos relacionados<span class=\"separator-holder separator-right\" style=\"border-color: #f0f0f0;\"><\/span><\/div><\/div>[vc_raw_html]JTVCd3BiLXByb2R1Y3Qtc2xpZGVyLXNob3J0Y29kZSUyMGlkJTNEJTIyMjE0NjIlMjIlNUQ=[\/vc_raw_html][\/vc_column][\/vc_row]<\/p>\n<\/div>","protected":false},"excerpt":{"rendered":"<p><span style=\"font-weight: 400;\">Durante servi\u00e7os t\u00e9cnicos, tais como a colora\u00e7\u00e3o, descolora\u00e7\u00e3o e permanente, a fibra capilar tende a ficar danificada ou estragada. Gra\u00e7as \u00e0 sua a\u00e7\u00e3o espec\u00edfica, o tratamento THE PLEX <\/span><b>ajuda a proteger os cabelos dos servi\u00e7os t\u00e9cnicos<\/b><span style=\"font-weight: 400;\">.<\/span><\/p>\n<p><span style=\"font-weight: 400;\">Enriquecido com<\/span><b> 3DHP Complex<\/b><span style=\"font-weight: 400;\">, <\/span><b>regenera a cut\u00edcula<\/b><span style=\"font-weight: 400;\"> e proporciona ao cabelo um <\/span><b>aspeto mais forte e saud\u00e1vel<\/b><span style=\"font-weight: 400;\">.<\/span><\/p>\n<p>&nbsp;<\/p>\n<p><span style=\"font-weight: 400;\">O kit \u00e9 constitu\u00eddo por:<\/span><\/p>\n<p>&nbsp;<\/p>\n<p><span style=\"font-weight: 400;\">1 frasco de <\/span><b>THE PLEX N\u00ba 1<\/b><span style=\"font-weight: 400;\"> (480 ml): aditivo protetor para servi\u00e7os t\u00e9cnicos<\/span><\/p>\n<p><span style=\"font-weight: 400;\">2 frascos de <\/span><b>THE PLEX N\u00ba 2<\/b><span style=\"font-weight: 400;\"> (480 ml): m\u00e1scara protetora para servi\u00e7os t\u00e9cnicos<\/span><\/p>\n<p>&nbsp;<\/p>\n<p class=\"p1\">[vc_row][vc_column][ultimate_exp_section title=\" Como comprar\" new_title=\"Solicitar informa\u00e7\u00f5es de compra\" text_color=\"#ffffff\" background_color=\"#877650\" text_hovercolor=\"#ffffff\" bghovercolor=\"#877650\" title_active=\"#ffffff\" title_active_bg=\"#877650\" cnt_bg_color=\"#ffffff\" icon=\"icomoon-the7-font-icon-cart-detailed\" new_icon=\"icomoon-the7-font-the7-mail-011\" icon_align=\"left\" icon_size=\"20\" icon_color=\"#ffffff\" icon_hover_color=\"#ffffff\" icon_active_color=\"#ffffff\" title_font_size=\"desktop:16px;\" title_padding=\"padding-top:4px;padding-right:7px;padding-bottom:4px;padding-left:4px;\" icon_margin=\"margin-right:1px;\"][contact-form-7 id=\"496\"][\/ultimate_exp_section][\/vc_column][\/vc_row]<\/p>\n","protected":false},"featured_media":25961,"template":"","meta":[],"product_brand":[],"product_cat":[2744],"product_tag":[],"class_list":{"0":"post-21446","1":"product","2":"type-product","3":"status-publish","4":"has-post-thumbnail","6":"product_cat-the-plex-pt-pt","7":"description-off","9":"first","10":"instock","11":"shipping-taxable","12":"product-type-simple"},"yoast_head":"<!-- This site is optimized with the Yoast SEO plugin v26.8 - https:\/\/yoast.com\/product\/yoast-seo-wordpress\/ -->\n<title>THE PLEX | KIT - K-time<\/title>\n<meta name=\"description\" content=\"Gra\u00e7as \u00e0 sua a\u00e7\u00e3o espec\u00edfica, o tratamento THE PLEX ajuda a proteger os cabelos dos servi\u00e7os t\u00e9cnicos.\" \/>\n<meta name=\"robots\" content=\"index, follow, max-snippet:-1, max-image-preview:large, max-video-preview:-1\" \/>\n<link rel=\"canonical\" href=\"https:\/\/k-time.it\/pt-pt\/products\/salon-technics\/the-plex-pt-pt\/the-plex-kit\/\" \/>\n<meta property=\"og:locale\" content=\"pt_PT\" \/>\n<meta property=\"og:type\" content=\"article\" \/>\n<meta property=\"og:title\" content=\"THE PLEX | KIT - K-time\" \/>\n<meta property=\"og:description\" content=\"Gra\u00e7as \u00e0 sua a\u00e7\u00e3o espec\u00edfica, o tratamento THE PLEX ajuda a proteger os cabelos dos servi\u00e7os t\u00e9cnicos.\" \/>\n<meta property=\"og:url\" content=\"https:\/\/k-time.it\/pt-pt\/products\/salon-technics\/the-plex-pt-pt\/the-plex-kit\/\" \/>\n<meta property=\"og:site_name\" content=\"K-time\" \/>\n<meta property=\"article:modified_time\" content=\"2021-12-13T08:12:10+00:00\" \/>\n<meta property=\"og:image\" content=\"https:\/\/k-time.it\/wp-content\/uploads\/2025\/03\/24016_k-time_the_plex_kit.png\" \/>\n\t<meta property=\"og:image:width\" content=\"800\" \/>\n\t<meta property=\"og:image:height\" content=\"800\" \/>\n\t<meta property=\"og:image:type\" content=\"image\/png\" \/>\n<meta name=\"twitter:card\" content=\"summary_large_image\" \/>\n<meta name=\"twitter:label1\" content=\"Tempo estimado de leitura\" \/>\n\t<meta name=\"twitter:data1\" content=\"2 minutos\" \/>\n<script type=\"application\/ld+json\" class=\"yoast-schema-graph\">{\"@context\":\"https:\/\/schema.org\",\"@graph\":[{\"@type\":\"WebPage\",\"@id\":\"https:\/\/k-time.it\/pt-pt\/products\/salon-technics\/the-plex-pt-pt\/the-plex-kit\/\",\"url\":\"https:\/\/k-time.it\/pt-pt\/products\/salon-technics\/the-plex-pt-pt\/the-plex-kit\/\",\"name\":\"THE PLEX | KIT - K-time\",\"isPartOf\":{\"@id\":\"https:\/\/k-time.it\/en\/#website\"},\"primaryImageOfPage\":{\"@id\":\"https:\/\/k-time.it\/pt-pt\/products\/salon-technics\/the-plex-pt-pt\/the-plex-kit\/#primaryimage\"},\"image\":{\"@id\":\"https:\/\/k-time.it\/pt-pt\/products\/salon-technics\/the-plex-pt-pt\/the-plex-kit\/#primaryimage\"},\"thumbnailUrl\":\"https:\/\/k-time.it\/wp-content\/uploads\/2025\/03\/24016_k-time_the_plex_kit.png\",\"datePublished\":\"2021-12-02T14:03:35+00:00\",\"dateModified\":\"2021-12-13T08:12:10+00:00\",\"description\":\"Gra\u00e7as \u00e0 sua a\u00e7\u00e3o espec\u00edfica, o tratamento THE PLEX ajuda a proteger os cabelos dos servi\u00e7os t\u00e9cnicos.\",\"breadcrumb\":{\"@id\":\"https:\/\/k-time.it\/pt-pt\/products\/salon-technics\/the-plex-pt-pt\/the-plex-kit\/#breadcrumb\"},\"inLanguage\":\"pt-PT\",\"potentialAction\":[{\"@type\":\"ReadAction\",\"target\":[\"https:\/\/k-time.it\/pt-pt\/products\/salon-technics\/the-plex-pt-pt\/the-plex-kit\/\"]}]},{\"@type\":\"ImageObject\",\"inLanguage\":\"pt-PT\",\"@id\":\"https:\/\/k-time.it\/pt-pt\/products\/salon-technics\/the-plex-pt-pt\/the-plex-kit\/#primaryimage\",\"url\":\"https:\/\/k-time.it\/wp-content\/uploads\/2025\/03\/24016_k-time_the_plex_kit.png\",\"contentUrl\":\"https:\/\/k-time.it\/wp-content\/uploads\/2025\/03\/24016_k-time_the_plex_kit.png\",\"width\":800,\"height\":800},{\"@type\":\"BreadcrumbList\",\"@id\":\"https:\/\/k-time.it\/pt-pt\/products\/salon-technics\/the-plex-pt-pt\/the-plex-kit\/#breadcrumb\",\"itemListElement\":[{\"@type\":\"ListItem\",\"position\":1,\"name\":\"Home\",\"item\":\"https:\/\/k-time.it\/pt-pt\/\"},{\"@type\":\"ListItem\",\"position\":2,\"name\":\"Shop\",\"item\":\"https:\/\/k-time.it\/en\/negozio\/\"},{\"@type\":\"ListItem\",\"position\":3,\"name\":\"THE PLEX | KIT\"}]},{\"@type\":\"WebSite\",\"@id\":\"https:\/\/k-time.it\/en\/#website\",\"url\":\"https:\/\/k-time.it\/en\/\",\"name\":\"K-time\",\"description\":\"Hair Spa Treatments\",\"publisher\":{\"@id\":\"https:\/\/k-time.it\/en\/#organization\"},\"potentialAction\":[{\"@type\":\"SearchAction\",\"target\":{\"@type\":\"EntryPoint\",\"urlTemplate\":\"https:\/\/k-time.it\/en\/?s={search_term_string}\"},\"query-input\":{\"@type\":\"PropertyValueSpecification\",\"valueRequired\":true,\"valueName\":\"search_term_string\"}}],\"inLanguage\":\"pt-PT\"},{\"@type\":\"Organization\",\"@id\":\"https:\/\/k-time.it\/en\/#organization\",\"name\":\"K-time\",\"url\":\"https:\/\/k-time.it\/en\/\",\"logo\":{\"@type\":\"ImageObject\",\"inLanguage\":\"pt-PT\",\"@id\":\"https:\/\/k-time.it\/en\/#\/schema\/logo\/image\/\",\"url\":\"\",\"contentUrl\":\"\",\"caption\":\"K-time\"},\"image\":{\"@id\":\"https:\/\/k-time.it\/en\/#\/schema\/logo\/image\/\"}}]}<\/script>\n<!-- \/ Yoast SEO plugin. -->","yoast_head_json":{"title":"THE PLEX | KIT - K-time","description":"Gra\u00e7as \u00e0 sua a\u00e7\u00e3o espec\u00edfica, o tratamento THE PLEX ajuda a proteger os cabelos dos servi\u00e7os t\u00e9cnicos.","robots":{"index":"index","follow":"follow","max-snippet":"max-snippet:-1","max-image-preview":"max-image-preview:large","max-video-preview":"max-video-preview:-1"},"canonical":"https:\/\/k-time.it\/pt-pt\/products\/salon-technics\/the-plex-pt-pt\/the-plex-kit\/","og_locale":"pt_PT","og_type":"article","og_title":"THE PLEX | KIT - K-time","og_description":"Gra\u00e7as \u00e0 sua a\u00e7\u00e3o espec\u00edfica, o tratamento THE PLEX ajuda a proteger os cabelos dos servi\u00e7os t\u00e9cnicos.","og_url":"https:\/\/k-time.it\/pt-pt\/products\/salon-technics\/the-plex-pt-pt\/the-plex-kit\/","og_site_name":"K-time","article_modified_time":"2021-12-13T08:12:10+00:00","og_image":[{"width":800,"height":800,"url":"https:\/\/k-time.it\/wp-content\/uploads\/2025\/03\/24016_k-time_the_plex_kit.png","type":"image\/png"}],"twitter_card":"summary_large_image","twitter_misc":{"Tempo estimado de leitura":"2 minutos"},"schema":{"@context":"https:\/\/schema.org","@graph":[{"@type":"WebPage","@id":"https:\/\/k-time.it\/pt-pt\/products\/salon-technics\/the-plex-pt-pt\/the-plex-kit\/","url":"https:\/\/k-time.it\/pt-pt\/products\/salon-technics\/the-plex-pt-pt\/the-plex-kit\/","name":"THE PLEX | KIT - K-time","isPartOf":{"@id":"https:\/\/k-time.it\/en\/#website"},"primaryImageOfPage":{"@id":"https:\/\/k-time.it\/pt-pt\/products\/salon-technics\/the-plex-pt-pt\/the-plex-kit\/#primaryimage"},"image":{"@id":"https:\/\/k-time.it\/pt-pt\/products\/salon-technics\/the-plex-pt-pt\/the-plex-kit\/#primaryimage"},"thumbnailUrl":"https:\/\/k-time.it\/wp-content\/uploads\/2025\/03\/24016_k-time_the_plex_kit.png","datePublished":"2021-12-02T14:03:35+00:00","dateModified":"2021-12-13T08:12:10+00:00","description":"Gra\u00e7as \u00e0 sua a\u00e7\u00e3o espec\u00edfica, o tratamento THE PLEX ajuda a proteger os cabelos dos servi\u00e7os t\u00e9cnicos.","breadcrumb":{"@id":"https:\/\/k-time.it\/pt-pt\/products\/salon-technics\/the-plex-pt-pt\/the-plex-kit\/#breadcrumb"},"inLanguage":"pt-PT","potentialAction":[{"@type":"ReadAction","target":["https:\/\/k-time.it\/pt-pt\/products\/salon-technics\/the-plex-pt-pt\/the-plex-kit\/"]}]},{"@type":"ImageObject","inLanguage":"pt-PT","@id":"https:\/\/k-time.it\/pt-pt\/products\/salon-technics\/the-plex-pt-pt\/the-plex-kit\/#primaryimage","url":"https:\/\/k-time.it\/wp-content\/uploads\/2025\/03\/24016_k-time_the_plex_kit.png","contentUrl":"https:\/\/k-time.it\/wp-content\/uploads\/2025\/03\/24016_k-time_the_plex_kit.png","width":800,"height":800},{"@type":"BreadcrumbList","@id":"https:\/\/k-time.it\/pt-pt\/products\/salon-technics\/the-plex-pt-pt\/the-plex-kit\/#breadcrumb","itemListElement":[{"@type":"ListItem","position":1,"name":"Home","item":"https:\/\/k-time.it\/pt-pt\/"},{"@type":"ListItem","position":2,"name":"Shop","item":"https:\/\/k-time.it\/en\/negozio\/"},{"@type":"ListItem","position":3,"name":"THE PLEX | KIT"}]},{"@type":"WebSite","@id":"https:\/\/k-time.it\/en\/#website","url":"https:\/\/k-time.it\/en\/","name":"K-time","description":"Hair Spa Treatments","publisher":{"@id":"https:\/\/k-time.it\/en\/#organization"},"potentialAction":[{"@type":"SearchAction","target":{"@type":"EntryPoint","urlTemplate":"https:\/\/k-time.it\/en\/?s={search_term_string}"},"query-input":{"@type":"PropertyValueSpecification","valueRequired":true,"valueName":"search_term_string"}}],"inLanguage":"pt-PT"},{"@type":"Organization","@id":"https:\/\/k-time.it\/en\/#organization","name":"K-time","url":"https:\/\/k-time.it\/en\/","logo":{"@type":"ImageObject","inLanguage":"pt-PT","@id":"https:\/\/k-time.it\/en\/#\/schema\/logo\/image\/","url":"","contentUrl":"","caption":"K-time"},"image":{"@id":"https:\/\/k-time.it\/en\/#\/schema\/logo\/image\/"}}]}},"_links":{"self":[{"href":"https:\/\/k-time.it\/pt-pt\/wp-json\/wp\/v2\/product\/21446","targetHints":{"allow":["GET"]}}],"collection":[{"href":"https:\/\/k-time.it\/pt-pt\/wp-json\/wp\/v2\/product"}],"about":[{"href":"https:\/\/k-time.it\/pt-pt\/wp-json\/wp\/v2\/types\/product"}],"wp:featuredmedia":[{"embeddable":true,"href":"https:\/\/k-time.it\/pt-pt\/wp-json\/wp\/v2\/media\/25961"}],"wp:attachment":[{"href":"https:\/\/k-time.it\/pt-pt\/wp-json\/wp\/v2\/media?parent=21446"}],"wp:term":[{"taxonomy":"product_brand","embeddable":true,"href":"https:\/\/k-time.it\/pt-pt\/wp-json\/wp\/v2\/product_brand?post=21446"},{"taxonomy":"product_cat","embeddable":true,"href":"https:\/\/k-time.it\/pt-pt\/wp-json\/wp\/v2\/product_cat?post=21446"},{"taxonomy":"product_tag","embeddable":true,"href":"https:\/\/k-time.it\/pt-pt\/wp-json\/wp\/v2\/product_tag?post=21446"}],"curies":[{"name":"wp","href":"https:\/\/api.w.org\/{rel}","templated":true}]}}