{"id":21409,"date":"2021-12-13T09:00:14","date_gmt":"2021-12-02T11:38:15","guid":{"rendered":"https:\/\/k-time.it\/?post_type=product&#038;p=21409"},"modified":"2021-12-13T09:04:03","modified_gmt":"2021-12-13T08:04:03","slug":"the-plex-n-1-additif-protecteur-pour-les-services-techniques","status":"publish","type":"product","link":"https:\/\/k-time.it\/fr\/products\/salon-technics\/the-plex-fr\/the-plex-n-1-additif-protecteur-pour-les-services-techniques\/","title":{"rendered":"THE PLEX N\u00b0 1 | Additif protecteur pour les services techniques"},"content":{"rendered":"<div class=\"wpb-content-wrapper\"><p>[vc_row disable_element=\u00a0\u00bbyes\u00a0\u00bb][vc_column]<div class=\"ult_exp_section_layer ult-adjust-bottom-margin  \" >\n\t\t<div id=\"uvc-exp-wrap-6435\" role=\"button\" tabindex=\"0\" aria-pressed=\"false\"  data-ultimate-target='#uvc-exp-wrap-6435'  data-responsive-json-new='{\"font-size\":\"desktop:16px;\",\"line-height\":\"desktop:20px;\"}'  class=\"ult_exp_section  ult-responsive \" style=\"color:#ffffff;background-color:#877650; font-weight:normal; padding-top:4px;padding-right:7px;padding-bottom:4px;padding-left:4px;text-align:center;\" data-textcolor=\"#ffffff\"data-texthover=\"#ffffff\"data-icncolor=\"#ffffff\"data-ihover=\"#ffffff\"data-height=\"0\"data-cntbg=\"#877650\"data-cnthvrbg=\"#877650\"data-headerbg=\"#877650\"data-headerhover=\"#877650\"data-title=\"Come acquistare\"data-newtitle=\"Richiedi info sull&#039;acquisto\"data-icon=\"icomoon-the7-font-icon-cart-detailed\"data-newicon=\"icomoon-the7-font-the7-mail-011\"data-activeicon=\"#ffffff\"data-effect=\"slideToggle\"data-override=\"0\"data-activetitle=\"#ffffff\"data-activebg=\"#877650\"data-img=\"\"data-newimg=\"\"><div class=\"ult_exp_section-main ult_expleft_icon\">\t<div class=\"ult-just-icon-wrapper ult_exp_icon\">\n\t\t\t\t\t<div class=\"align-icon \">\n\t\t\t\t\t\t\n<span class=\"aio-icon  none  ult_expsection_icon \"  style=\"color:#ffffff;font-size:20px;\">\n\t<i class=\"icomoon-the7-font-icon-cart-detailed ult_ex_icon\"  ><\/i>\n<\/span>\n\t\t\t\t\t<\/div>\n\t\t\t\t<\/div>\n\t\t\t\t<div class=\"ult_expheader\" >Come acquistare\n\t\t\t\t<\/div>\n\t\t\t<\/div>\n\t\t<\/div><div class=\"ult_exp_content \" style=\"background-color:#ffffff;  \"><div class=\"ult_ecpsub_cont\" style=\" \" >\n<div class=\"wpcf7 no-js\" id=\"wpcf7-f15157-o1\" lang=\"fr-FR\" dir=\"ltr\" data-wpcf7-id=\"15157\">\n<div class=\"screen-reader-response\"><p role=\"status\" aria-live=\"polite\" aria-atomic=\"true\"><\/p> <ul><\/ul><\/div>\n<form action=\"\/fr\/wp-json\/wp\/v2\/product\/21409#wpcf7-f15157-o1\" method=\"post\" class=\"wpcf7-form init\" aria-label=\"Formulaire de contact\" novalidate=\"novalidate\" data-status=\"init\">\n<fieldset class=\"hidden-fields-container\"><input type=\"hidden\" name=\"_wpcf7\" value=\"15157\" \/><input type=\"hidden\" name=\"_wpcf7_version\" value=\"6.1.4\" \/><input type=\"hidden\" name=\"_wpcf7_locale\" value=\"fr_FR\" \/><input type=\"hidden\" name=\"_wpcf7_unit_tag\" value=\"wpcf7-f15157-o1\" \/><input type=\"hidden\" name=\"_wpcf7_container_post\" value=\"0\" \/><input type=\"hidden\" name=\"_wpcf7_posted_data_hash\" value=\"\" \/><input type=\"hidden\" name=\"_wpcf7_recaptcha_response\" value=\"\" \/>\n<\/fieldset>\n<p>Pr\u00e9nom\/Nom de famille*\n<\/p>\n<p><span class=\"wpcf7-form-control-wrap\" data-name=\"your-name\"><input size=\"40\" maxlength=\"400\" class=\"wpcf7-form-control wpcf7-text wpcf7-validates-as-required\" aria-required=\"true\" aria-invalid=\"false\" value=\"\" type=\"text\" name=\"your-name\" \/><\/span>\n<\/p>\n<p>Email*\n<\/p>\n<p><span class=\"wpcf7-form-control-wrap\" data-name=\"your-email\"><input size=\"40\" maxlength=\"400\" class=\"wpcf7-form-control wpcf7-email wpcf7-validates-as-required wpcf7-text wpcf7-validates-as-email\" aria-required=\"true\" aria-invalid=\"false\" value=\"\" type=\"email\" name=\"your-email\" \/><\/span>\n<\/p>\n<p>Status*\n<\/p>\n<p><span class=\"wpcf7-form-control-wrap\" data-name=\"status\"><span class=\"wpcf7-form-control wpcf7-checkbox wpcf7-validates-as-required wpcf7-exclusive-checkbox\"><span class=\"wpcf7-list-item first\"><span class=\"wpcf7-list-item-label\">Coiffeur<\/span><input type=\"checkbox\" name=\"status\" value=\"Coiffeur\" \/><\/span><span class=\"wpcf7-list-item\"><span class=\"wpcf7-list-item-label\">Distributeur<\/span><input type=\"checkbox\" name=\"status\" value=\"Distributeur\" \/><\/span><span class=\"wpcf7-list-item last\"><span class=\"wpcf7-list-item-label\">Autre<\/span><input type=\"checkbox\" name=\"status\" value=\"Autre\" \/><\/span><\/span><\/span>\n<\/p>\n<p>Pays*\n<\/p>\n<p><span class=\"wpcf7-form-control-wrap\" data-name=\"country\"><input size=\"40\" maxlength=\"400\" class=\"wpcf7-form-control wpcf7-text wpcf7-validates-as-required\" aria-required=\"true\" aria-invalid=\"false\" value=\"\" type=\"text\" name=\"country\" \/><\/span>\n<\/p>\n<p>Message*\n<\/p>\n<p><span class=\"wpcf7-form-control-wrap\" data-name=\"your-message\"><textarea cols=\"40\" rows=\"10\" maxlength=\"2000\" class=\"wpcf7-form-control wpcf7-textarea wpcf7-validates-as-required\" aria-required=\"true\" aria-invalid=\"false\" name=\"your-message\"><\/textarea><\/span>\n<\/p>\n<p><span class=\"wpcf7-form-control-wrap\" data-name=\"acceptance-20\"><span class=\"wpcf7-form-control wpcf7-acceptance\"><span class=\"wpcf7-list-item\"><input type=\"checkbox\" name=\"acceptance-20\" value=\"1\" aria-invalid=\"false\" \/><\/span><\/span><\/span> I express my informed, specific and unconditional consent for the company Comprof Milano Srl to proceed with the processing of my personal data to process the requests for information transmitted, as better described in the <a href=\"https:\/\/k-time.it\/fr\/privacy-policy\/\" target=\"_blank\" rel=\"noopener\">Privacy Policy<\/a>*\n<\/p>\n<p><small> Ce site est prot\u00e9g\u00e9 par Google reCAPTCHA <a href=\"https:\/\/policies.google.com\/privacy\"> Politique de confidentialit\u00e9 <\/a> et <a href = \"https:\/\/policies.google.com\/ termes \"> Conditions d'utilisation <\/a>. <\/small>\n<\/p>\n<p><input class=\"wpcf7-form-control wpcf7-submit has-spinner\" type=\"submit\" value=\"Envoyer\" \/>\n<\/p><div class=\"wpcf7-response-output\" aria-hidden=\"true\"><\/div>\n<\/form>\n<\/div>\n<\/div><\/div>\n\n\t\t\t<\/div>[\/vc_column][\/vc_row][vc_row][vc_column width=\u00a0\u00bb1\/2&Prime;]<div class=\"standard-arrow list-divider bullet-top\"><h2>Formulation<\/h2>\n<ul>\n<li style=\"font-weight: 400;\" aria-level=\"1\"><span style=\"font-weight: 400;\"><strong>3DHP Complex*<\/strong> : principe actif renfor\u00e7ateur \u00e0 base de prot\u00e9ine qui agit sur la compacit\u00e9 des cuticules, la r\u00e9sistance \u00e0 la casse et l&rsquo;\u00e9lasticit\u00e9 du cheveu. <\/span><\/li>\n<\/ul>\n<\/div>[\/vc_column][vc_column width=\u00a0\u00bb1\/2&Prime;]<div class=\"standard-arrow list-divider bullet-top\"><h2>Bienfaits<\/h2>\n<ul>\n<li style=\"font-weight: 400;\" aria-level=\"1\"><span style=\"font-weight: 400;\">Protection des cheveux pendant les processus de coloration, d\u00e9coloration ou permanente<\/span><\/li>\n<li style=\"font-weight: 400;\" aria-level=\"1\"><span style=\"font-weight: 400;\">La garantie d&rsquo;une parfaite p\u00e9n\u00e9tration de la couleur<\/span><\/li>\n<li style=\"font-weight: 400;\" aria-level=\"1\"><span style=\"font-weight: 400;\">Des cheveux doux et brillants<\/span><\/li>\n<li style=\"font-weight: 400;\" aria-level=\"1\"><span style=\"font-weight: 400;\">Renforcement de la structure interne du cheveu<\/span><\/li>\n<\/ul>\n<\/div>[\/vc_column][\/vc_row][vc_row][vc_column][vc_empty_space height=\u00a0\u00bb15px\u00a0\u00bb]<div class=\"dt-fancy-separator h2-size style-thick\" style=\"width: 100%;\"><div class=\"dt-fancy-title\" style=\"color: #000000;\"><span class=\"separator-holder separator-left\"><\/span>Mode d&#039;utilisation<span class=\"separator-holder separator-right\"><\/span><\/div><\/div>[vc_empty_space height=\u00a0\u00bb15px\u00a0\u00bb][vc_tta_tabs style=\u00a0\u00bbmodern\u00a0\u00bb shape=\u00a0\u00bbsquare\u00a0\u00bb color=\u00a0\u00bbwhite\u00a0\u00bb spacing=\u00a0\u00bb5&Prime; gap=\u00a0\u00bb5&Prime; alignment=\u00a0\u00bbcenter\u00a0\u00bb active_section=\u00a0\u00bb1&Prime;][vc_tta_section tab_id=\u00a0\u00bb1638446255065-57b777c3-1bd2&Prime; title=\u00a0\u00bbColoration d&rsquo;oxydation\u00a0\u00bb][vc_row_inner][vc_column_inner][vc_column_text]<\/p>\n<p style=\"text-align: center;\"><strong>Posologie:<\/strong><\/p>\n<p style=\"text-align: center;\"><span style=\"font-weight: 400;\">3 g par 50 g de couleur<\/span><\/p>\n<p>[\/vc_column_text][\/vc_column_inner][\/vc_row_inner][\/vc_tta_section][vc_tta_section tab_id=\u00a0\u00bb1638446412859-7ffa8bb6-02f3&Prime; title=\u00a0\u00bbColoration Directe\/Masques Colorants\u00a0\u00bb][vc_row_inner][vc_column_inner][vc_column_text]<\/p>\n<p style=\"text-align: center;\"><strong>Posologie:<\/strong><\/p>\n<p style=\"text-align: center;\"><span style=\"font-weight: 400;\">3 g par 50 g de couleur<\/span><\/p>\n<p>[\/vc_column_text][\/vc_column_inner][\/vc_row_inner][\/vc_tta_section][vc_tta_section tab_id=\u00a0\u00bb1638446255082-0d730dd9-275e\u00a0\u00bb title=\u00a0\u00bbD\u00e9coloration\u00a0\u00bb][vc_row_inner][vc_column_inner][vc_column_text]<\/p>\n<p style=\"text-align: center;\"><strong>Posologie:<\/strong><\/p>\n<p style=\"text-align: center;\"><span style=\"font-weight: 400;\">5g par 50g de couleur<\/span><\/p>\n<p>[\/vc_column_text][\/vc_column_inner][\/vc_row_inner][\/vc_tta_section][vc_tta_section tab_id=\u00a0\u00bb1638450524196-ebe12433-ed54&Prime; title=\u00a0\u00bbPermanente\u00a0\u00bb][vc_row_inner][vc_column_inner][vc_column_text]<\/p>\n<p style=\"text-align: center;\"><strong>Posologie:<\/strong><\/p>\n<p style=\"text-align: center;\"><span style=\"font-weight: 400;\">10\/40g par 50g en fonction de la longueur et <\/span><span style=\"font-weight: 400;\">de l&rsquo;\u00e9paisseur des cheveux\u00a0<\/span><\/p>\n<p>[\/vc_column_text][\/vc_column_inner][\/vc_row_inner][\/vc_tta_section][\/vc_tta_tabs][\/vc_column][\/vc_row][vc_row css=\u00a0\u00bb.vc_custom_1595317695114{padding-top: 50px !important;}\u00a0\u00bb][vc_column]<div class=\"dt-fancy-separator h2-size style-thick\" style=\"width: 100%;\"><div class=\"dt-fancy-title\" style=\"color: #333333;\"><span class=\"separator-holder separator-left\" style=\"border-color: #f0f0f0;\"><\/span>Produits apparent\u00e9s<span class=\"separator-holder separator-right\" style=\"border-color: #f0f0f0;\"><\/span><\/div><\/div>[vc_raw_html]JTVCd3BiLXByb2R1Y3Qtc2xpZGVyLXNob3J0Y29kZSUyMGlkJTNEJTIyMjE0NTglMjIlNUQ=[\/vc_raw_html][\/vc_column][\/vc_row]<\/p>\n<\/div>","protected":false},"excerpt":{"rendered":"<div class=\"woocommerce-product-details__short-description\">\n<div class=\"woocommerce-product-details__short-description\">\n<p><span style=\"font-weight: 400;\">THE PLEX N\u00b01 est un fluide protecteur sp\u00e9cifique qui <\/span><b>prot\u00e8ge et renforce les cheveux<\/b><span style=\"font-weight: 400;\"> lors des services techniques de coloration, d\u00e9coloration ou permanente.\u00a0<\/span><\/p>\n<p><span style=\"font-weight: 400;\">Pendant la premi\u00e8re \u00e9tape du soin en salon, THE PLEX aide \u00e0 <\/span><b>prot\u00e9ger les liaisons capillaires<\/b><span style=\"font-weight: 400;\"> et garantit une <\/span><b>parfaite p\u00e9n\u00e9tration de la couleur.<\/b><\/p>\n<p><span style=\"font-weight: 400;\">La formule innovante de 3DHP Complex* r\u00e9\u00e9quilibre le pH et agit sur l&rsquo;\u00e9lasticit\u00e9 du cheveu et sa r\u00e9sistance \u00e0 la casse.<\/span><\/p>\n<p><span style=\"font-weight: 400;\">Format 480 ml<\/span><\/p>\n<\/div>\n<\/div>\n<p>&nbsp;<\/p>\n<p>[vc_row][vc_column][ultimate_exp_section title=\" Comment acheter\" new_title=\"Demander infos d'achat\" text_color=\"#ffffff\" background_color=\"#877650\" text_hovercolor=\"#ffffff\" bghovercolor=\"#877650\" title_active=\"#ffffff\" title_active_bg=\"#877650\" cnt_bg_color=\"#ffffff\" icon=\"icomoon-the7-font-icon-cart-detailed\" new_icon=\"icomoon-the7-font-the7-mail-011\" icon_align=\"left\" icon_size=\"20\" icon_color=\"#ffffff\" icon_hover_color=\"#ffffff\" icon_active_color=\"#ffffff\" title_font_size=\"desktop:16px;\" title_padding=\"padding-top:4px;padding-right:7px;padding-bottom:4px;padding-left:4px;\" icon_margin=\"margin-right:1px;\"][contact-form-7 id=\"496\"][\/ultimate_exp_section][\/vc_column][\/vc_row]<\/p>\n","protected":false},"featured_media":23724,"template":"","meta":[],"product_brand":[],"product_cat":[2741],"product_tag":[],"class_list":{"0":"post-21409","1":"product","2":"type-product","3":"status-publish","4":"has-post-thumbnail","6":"product_cat-the-plex-fr","7":"description-off","9":"first","10":"instock","11":"shipping-taxable","12":"product-type-simple"},"yoast_head":"<!-- This site is optimized with the Yoast SEO plugin v26.8 - https:\/\/yoast.com\/product\/yoast-seo-wordpress\/ -->\n<title>THE PLEX N\u00b0 1 | Additif protecteur pour les services techniques - K-time<\/title>\n<meta name=\"description\" content=\"THE PLEX N\u00b01 est un fluide protecteur sp\u00e9cifique qui prot\u00e8ge et renforce les cheveux lors des services techniques de coloration, d\u00e9coloration ou permanente.\u00a0\" \/>\n<meta name=\"robots\" content=\"index, follow, max-snippet:-1, max-image-preview:large, max-video-preview:-1\" \/>\n<link rel=\"canonical\" href=\"https:\/\/k-time.it\/fr\/products\/salon-technics\/the-plex-fr\/the-plex-n-1-additif-protecteur-pour-les-services-techniques\/\" \/>\n<meta property=\"og:locale\" content=\"fr_FR\" \/>\n<meta property=\"og:type\" content=\"article\" \/>\n<meta property=\"og:title\" content=\"THE PLEX N\u00b0 1 | Additif protecteur pour les services techniques - K-time\" \/>\n<meta property=\"og:description\" content=\"THE PLEX N\u00b01 est un fluide protecteur sp\u00e9cifique qui prot\u00e8ge et renforce les cheveux lors des services techniques de coloration, d\u00e9coloration ou permanente.\u00a0\" \/>\n<meta property=\"og:url\" content=\"https:\/\/k-time.it\/fr\/products\/salon-technics\/the-plex-fr\/the-plex-n-1-additif-protecteur-pour-les-services-techniques\/\" \/>\n<meta property=\"og:site_name\" content=\"K-time\" \/>\n<meta property=\"article:modified_time\" content=\"2021-12-13T08:04:03+00:00\" \/>\n<meta property=\"og:image\" content=\"https:\/\/k-time.it\/wp-content\/uploads\/2021\/12\/24013_k-time_the_plex_protective_additive_1_480ml-1.png\" \/>\n\t<meta property=\"og:image:width\" content=\"600\" \/>\n\t<meta property=\"og:image:height\" content=\"600\" \/>\n\t<meta property=\"og:image:type\" content=\"image\/png\" \/>\n<meta name=\"twitter:card\" content=\"summary_large_image\" \/>\n<meta name=\"twitter:label1\" content=\"Dur\u00e9e de lecture estim\u00e9e\" \/>\n\t<meta name=\"twitter:data1\" content=\"1 minute\" \/>\n<script type=\"application\/ld+json\" class=\"yoast-schema-graph\">{\"@context\":\"https:\/\/schema.org\",\"@graph\":[{\"@type\":\"WebPage\",\"@id\":\"https:\/\/k-time.it\/fr\/products\/salon-technics\/the-plex-fr\/the-plex-n-1-additif-protecteur-pour-les-services-techniques\/\",\"url\":\"https:\/\/k-time.it\/fr\/products\/salon-technics\/the-plex-fr\/the-plex-n-1-additif-protecteur-pour-les-services-techniques\/\",\"name\":\"THE PLEX N\u00b0 1 | Additif protecteur pour les services techniques - K-time\",\"isPartOf\":{\"@id\":\"https:\/\/k-time.it\/en\/#website\"},\"primaryImageOfPage\":{\"@id\":\"https:\/\/k-time.it\/fr\/products\/salon-technics\/the-plex-fr\/the-plex-n-1-additif-protecteur-pour-les-services-techniques\/#primaryimage\"},\"image\":{\"@id\":\"https:\/\/k-time.it\/fr\/products\/salon-technics\/the-plex-fr\/the-plex-n-1-additif-protecteur-pour-les-services-techniques\/#primaryimage\"},\"thumbnailUrl\":\"https:\/\/k-time.it\/wp-content\/uploads\/2021\/12\/24013_k-time_the_plex_protective_additive_1_480ml-1.png\",\"datePublished\":\"2021-12-02T11:38:15+00:00\",\"dateModified\":\"2021-12-13T08:04:03+00:00\",\"description\":\"THE PLEX N\u00b01 est un fluide protecteur sp\u00e9cifique qui prot\u00e8ge et renforce les cheveux lors des services techniques de coloration, d\u00e9coloration ou permanente.\u00a0\",\"breadcrumb\":{\"@id\":\"https:\/\/k-time.it\/fr\/products\/salon-technics\/the-plex-fr\/the-plex-n-1-additif-protecteur-pour-les-services-techniques\/#breadcrumb\"},\"inLanguage\":\"fr-FR\",\"potentialAction\":[{\"@type\":\"ReadAction\",\"target\":[\"https:\/\/k-time.it\/fr\/products\/salon-technics\/the-plex-fr\/the-plex-n-1-additif-protecteur-pour-les-services-techniques\/\"]}]},{\"@type\":\"ImageObject\",\"inLanguage\":\"fr-FR\",\"@id\":\"https:\/\/k-time.it\/fr\/products\/salon-technics\/the-plex-fr\/the-plex-n-1-additif-protecteur-pour-les-services-techniques\/#primaryimage\",\"url\":\"https:\/\/k-time.it\/wp-content\/uploads\/2021\/12\/24013_k-time_the_plex_protective_additive_1_480ml-1.png\",\"contentUrl\":\"https:\/\/k-time.it\/wp-content\/uploads\/2021\/12\/24013_k-time_the_plex_protective_additive_1_480ml-1.png\",\"width\":600,\"height\":600},{\"@type\":\"BreadcrumbList\",\"@id\":\"https:\/\/k-time.it\/fr\/products\/salon-technics\/the-plex-fr\/the-plex-n-1-additif-protecteur-pour-les-services-techniques\/#breadcrumb\",\"itemListElement\":[{\"@type\":\"ListItem\",\"position\":1,\"name\":\"Home\",\"item\":\"https:\/\/k-time.it\/fr\/\"},{\"@type\":\"ListItem\",\"position\":2,\"name\":\"Shop\",\"item\":\"https:\/\/k-time.it\/en\/negozio\/\"},{\"@type\":\"ListItem\",\"position\":3,\"name\":\"THE PLEX N\u00b0 1 | Additif protecteur pour les services techniques\"}]},{\"@type\":\"WebSite\",\"@id\":\"https:\/\/k-time.it\/en\/#website\",\"url\":\"https:\/\/k-time.it\/en\/\",\"name\":\"K-time\",\"description\":\"Hair Spa Treatments\",\"publisher\":{\"@id\":\"https:\/\/k-time.it\/en\/#organization\"},\"potentialAction\":[{\"@type\":\"SearchAction\",\"target\":{\"@type\":\"EntryPoint\",\"urlTemplate\":\"https:\/\/k-time.it\/en\/?s={search_term_string}\"},\"query-input\":{\"@type\":\"PropertyValueSpecification\",\"valueRequired\":true,\"valueName\":\"search_term_string\"}}],\"inLanguage\":\"fr-FR\"},{\"@type\":\"Organization\",\"@id\":\"https:\/\/k-time.it\/en\/#organization\",\"name\":\"K-time\",\"url\":\"https:\/\/k-time.it\/en\/\",\"logo\":{\"@type\":\"ImageObject\",\"inLanguage\":\"fr-FR\",\"@id\":\"https:\/\/k-time.it\/en\/#\/schema\/logo\/image\/\",\"url\":\"\",\"contentUrl\":\"\",\"caption\":\"K-time\"},\"image\":{\"@id\":\"https:\/\/k-time.it\/en\/#\/schema\/logo\/image\/\"}}]}<\/script>\n<!-- \/ Yoast SEO plugin. -->","yoast_head_json":{"title":"THE PLEX N\u00b0 1 | Additif protecteur pour les services techniques - K-time","description":"THE PLEX N\u00b01 est un fluide protecteur sp\u00e9cifique qui prot\u00e8ge et renforce les cheveux lors des services techniques de coloration, d\u00e9coloration ou permanente.\u00a0","robots":{"index":"index","follow":"follow","max-snippet":"max-snippet:-1","max-image-preview":"max-image-preview:large","max-video-preview":"max-video-preview:-1"},"canonical":"https:\/\/k-time.it\/fr\/products\/salon-technics\/the-plex-fr\/the-plex-n-1-additif-protecteur-pour-les-services-techniques\/","og_locale":"fr_FR","og_type":"article","og_title":"THE PLEX N\u00b0 1 | Additif protecteur pour les services techniques - K-time","og_description":"THE PLEX N\u00b01 est un fluide protecteur sp\u00e9cifique qui prot\u00e8ge et renforce les cheveux lors des services techniques de coloration, d\u00e9coloration ou permanente.\u00a0","og_url":"https:\/\/k-time.it\/fr\/products\/salon-technics\/the-plex-fr\/the-plex-n-1-additif-protecteur-pour-les-services-techniques\/","og_site_name":"K-time","article_modified_time":"2021-12-13T08:04:03+00:00","og_image":[{"width":600,"height":600,"url":"https:\/\/k-time.it\/wp-content\/uploads\/2021\/12\/24013_k-time_the_plex_protective_additive_1_480ml-1.png","type":"image\/png"}],"twitter_card":"summary_large_image","twitter_misc":{"Dur\u00e9e de lecture estim\u00e9e":"1 minute"},"schema":{"@context":"https:\/\/schema.org","@graph":[{"@type":"WebPage","@id":"https:\/\/k-time.it\/fr\/products\/salon-technics\/the-plex-fr\/the-plex-n-1-additif-protecteur-pour-les-services-techniques\/","url":"https:\/\/k-time.it\/fr\/products\/salon-technics\/the-plex-fr\/the-plex-n-1-additif-protecteur-pour-les-services-techniques\/","name":"THE PLEX N\u00b0 1 | Additif protecteur pour les services techniques - K-time","isPartOf":{"@id":"https:\/\/k-time.it\/en\/#website"},"primaryImageOfPage":{"@id":"https:\/\/k-time.it\/fr\/products\/salon-technics\/the-plex-fr\/the-plex-n-1-additif-protecteur-pour-les-services-techniques\/#primaryimage"},"image":{"@id":"https:\/\/k-time.it\/fr\/products\/salon-technics\/the-plex-fr\/the-plex-n-1-additif-protecteur-pour-les-services-techniques\/#primaryimage"},"thumbnailUrl":"https:\/\/k-time.it\/wp-content\/uploads\/2021\/12\/24013_k-time_the_plex_protective_additive_1_480ml-1.png","datePublished":"2021-12-02T11:38:15+00:00","dateModified":"2021-12-13T08:04:03+00:00","description":"THE PLEX N\u00b01 est un fluide protecteur sp\u00e9cifique qui prot\u00e8ge et renforce les cheveux lors des services techniques de coloration, d\u00e9coloration ou permanente.\u00a0","breadcrumb":{"@id":"https:\/\/k-time.it\/fr\/products\/salon-technics\/the-plex-fr\/the-plex-n-1-additif-protecteur-pour-les-services-techniques\/#breadcrumb"},"inLanguage":"fr-FR","potentialAction":[{"@type":"ReadAction","target":["https:\/\/k-time.it\/fr\/products\/salon-technics\/the-plex-fr\/the-plex-n-1-additif-protecteur-pour-les-services-techniques\/"]}]},{"@type":"ImageObject","inLanguage":"fr-FR","@id":"https:\/\/k-time.it\/fr\/products\/salon-technics\/the-plex-fr\/the-plex-n-1-additif-protecteur-pour-les-services-techniques\/#primaryimage","url":"https:\/\/k-time.it\/wp-content\/uploads\/2021\/12\/24013_k-time_the_plex_protective_additive_1_480ml-1.png","contentUrl":"https:\/\/k-time.it\/wp-content\/uploads\/2021\/12\/24013_k-time_the_plex_protective_additive_1_480ml-1.png","width":600,"height":600},{"@type":"BreadcrumbList","@id":"https:\/\/k-time.it\/fr\/products\/salon-technics\/the-plex-fr\/the-plex-n-1-additif-protecteur-pour-les-services-techniques\/#breadcrumb","itemListElement":[{"@type":"ListItem","position":1,"name":"Home","item":"https:\/\/k-time.it\/fr\/"},{"@type":"ListItem","position":2,"name":"Shop","item":"https:\/\/k-time.it\/en\/negozio\/"},{"@type":"ListItem","position":3,"name":"THE PLEX N\u00b0 1 | Additif protecteur pour les services techniques"}]},{"@type":"WebSite","@id":"https:\/\/k-time.it\/en\/#website","url":"https:\/\/k-time.it\/en\/","name":"K-time","description":"Hair Spa Treatments","publisher":{"@id":"https:\/\/k-time.it\/en\/#organization"},"potentialAction":[{"@type":"SearchAction","target":{"@type":"EntryPoint","urlTemplate":"https:\/\/k-time.it\/en\/?s={search_term_string}"},"query-input":{"@type":"PropertyValueSpecification","valueRequired":true,"valueName":"search_term_string"}}],"inLanguage":"fr-FR"},{"@type":"Organization","@id":"https:\/\/k-time.it\/en\/#organization","name":"K-time","url":"https:\/\/k-time.it\/en\/","logo":{"@type":"ImageObject","inLanguage":"fr-FR","@id":"https:\/\/k-time.it\/en\/#\/schema\/logo\/image\/","url":"","contentUrl":"","caption":"K-time"},"image":{"@id":"https:\/\/k-time.it\/en\/#\/schema\/logo\/image\/"}}]}},"_links":{"self":[{"href":"https:\/\/k-time.it\/fr\/wp-json\/wp\/v2\/product\/21409","targetHints":{"allow":["GET"]}}],"collection":[{"href":"https:\/\/k-time.it\/fr\/wp-json\/wp\/v2\/product"}],"about":[{"href":"https:\/\/k-time.it\/fr\/wp-json\/wp\/v2\/types\/product"}],"wp:featuredmedia":[{"embeddable":true,"href":"https:\/\/k-time.it\/fr\/wp-json\/wp\/v2\/media\/23724"}],"wp:attachment":[{"href":"https:\/\/k-time.it\/fr\/wp-json\/wp\/v2\/media?parent=21409"}],"wp:term":[{"taxonomy":"product_brand","embeddable":true,"href":"https:\/\/k-time.it\/fr\/wp-json\/wp\/v2\/product_brand?post=21409"},{"taxonomy":"product_cat","embeddable":true,"href":"https:\/\/k-time.it\/fr\/wp-json\/wp\/v2\/product_cat?post=21409"},{"taxonomy":"product_tag","embeddable":true,"href":"https:\/\/k-time.it\/fr\/wp-json\/wp\/v2\/product_tag?post=21409"}],"curies":[{"name":"wp","href":"https:\/\/api.w.org\/{rel}","templated":true}]}}